{"id":12655,"date":"2020-08-05T13:20:42","date_gmt":"2020-08-05T13:20:42","guid":{"rendered":"https:\/\/eikonos.com\/inici\/"},"modified":"2026-04-21T16:36:28","modified_gmt":"2026-04-21T16:36:28","slug":"inici","status":"publish","type":"page","link":"https:\/\/eikonos.com\/ca\/","title":{"rendered":"Inici"},"content":{"rendered":"","protected":false},"excerpt":{"rendered":"","protected":false},"author":6,"featured_media":0,"parent":0,"menu_order":0,"comment_status":"closed","ping_status":"closed","template":"inicio.php","meta":{"_acf_changed":false,"footnotes":""},"class_list":["post-12655","page","type-page","status-publish","hentry"],"acf":[],"yoast_head":"<!-- This site is optimized with the Yoast SEO plugin v26.3 - https:\/\/yoast.com\/wordpress\/plugins\/seo\/ -->\n<title>Serveis audiovisuals i equips per a esdeveniments | EIKONOS<\/title>\n<meta name=\"description\" content=\"Empresa audiovisual de solucions i mitjans audiovisuals. M\u00e9s de 20 anys d&#039;experi\u00e8ncia en esdeveniments, equips d&#039;\u00e0udio i instal\u00b7lacions fixes Informa&#039;t!\" \/>\n<meta name=\"robots\" content=\"index, follow, max-snippet:-1, max-image-preview:large, max-video-preview:-1\" \/>\n<link rel=\"canonical\" href=\"https:\/\/eikonos.com\/ca\/\" \/>\n<meta property=\"og:locale\" content=\"ca_ES\" \/>\n<meta property=\"og:type\" content=\"article\" \/>\n<meta property=\"og:title\" content=\"Serveis audiovisuals i equips per a esdeveniments | EIKONOS\" \/>\n<meta property=\"og:description\" content=\"Empresa audiovisual de solucions i mitjans audiovisuals. M\u00e9s de 20 anys d&#039;experi\u00e8ncia en esdeveniments, equips d&#039;\u00e0udio i instal\u00b7lacions fixes Informa&#039;t!\" \/>\n<meta property=\"og:url\" content=\"https:\/\/eikonos.com\/ca\/\" \/>\n<meta property=\"og:site_name\" content=\"EIKONOS\" \/>\n<meta property=\"article:publisher\" content=\"http:\/\/www.facebook.com\/pages\/Eikonos\/176324785746790\" \/>\n<meta property=\"article:modified_time\" content=\"2026-04-21T16:36:28+00:00\" \/>\n<meta name=\"twitter:card\" content=\"summary_large_image\" \/>\n<meta name=\"twitter:site\" content=\"@eikonos_sa\" \/>\n<script type=\"application\/ld+json\" class=\"yoast-schema-graph\">{\"@context\":\"https:\/\/schema.org\",\"@graph\":[{\"@type\":\"WebPage\",\"@id\":\"https:\/\/eikonos.com\/ca\/\",\"url\":\"https:\/\/eikonos.com\/ca\/\",\"name\":\"Serveis audiovisuals i equips per a esdeveniments | EIKONOS\",\"isPartOf\":{\"@id\":\"https:\/\/eikonos.com\/ca\/#website\"},\"datePublished\":\"2020-08-05T13:20:42+00:00\",\"dateModified\":\"2026-04-21T16:36:28+00:00\",\"description\":\"Empresa audiovisual de solucions i mitjans audiovisuals. M\u00e9s de 20 anys d'experi\u00e8ncia en esdeveniments, equips d'\u00e0udio i instal\u00b7lacions fixes Informa't!\",\"breadcrumb\":{\"@id\":\"https:\/\/eikonos.com\/ca\/#breadcrumb\"},\"inLanguage\":\"ca\",\"potentialAction\":[{\"@type\":\"ReadAction\",\"target\":[\"https:\/\/eikonos.com\/ca\/\"]}]},{\"@type\":\"BreadcrumbList\",\"@id\":\"https:\/\/eikonos.com\/ca\/#breadcrumb\",\"itemListElement\":[{\"@type\":\"ListItem\",\"position\":1,\"name\":\"EIKONOS\",\"item\":\"https:\/\/eikonos.com\/ca\/inici\/\"},{\"@type\":\"ListItem\",\"position\":2,\"name\":\"Inici\"}]},{\"@type\":\"WebSite\",\"@id\":\"https:\/\/eikonos.com\/ca\/#website\",\"url\":\"https:\/\/eikonos.com\/ca\/\",\"name\":\"EIKONOS\",\"description\":\"EXPERIENCIA AUDIOVISUAL\",\"publisher\":{\"@id\":\"https:\/\/eikonos.com\/ca\/#organization\"},\"potentialAction\":[{\"@type\":\"SearchAction\",\"target\":{\"@type\":\"EntryPoint\",\"urlTemplate\":\"https:\/\/eikonos.com\/ca\/?s={search_term_string}\"},\"query-input\":{\"@type\":\"PropertyValueSpecification\",\"valueRequired\":true,\"valueName\":\"search_term_string\"}}],\"inLanguage\":\"ca\"},{\"@type\":\"Organization\",\"@id\":\"https:\/\/eikonos.com\/ca\/#organization\",\"name\":\"EIKONOS | Servicios Audiovisuales, eventos y alquiler de equipos\",\"url\":\"https:\/\/eikonos.com\/ca\/\",\"logo\":{\"@type\":\"ImageObject\",\"inLanguage\":\"ca\",\"@id\":\"https:\/\/eikonos.com\/ca\/#\/schema\/logo\/image\/\",\"url\":\"https:\/\/eikonos.com\/wp-content\/uploads\/2020\/08\/logo-color.png\",\"contentUrl\":\"https:\/\/eikonos.com\/wp-content\/uploads\/2020\/08\/logo-color.png\",\"width\":376,\"height\":122,\"caption\":\"EIKONOS | Servicios Audiovisuales, eventos y alquiler de equipos\"},\"image\":{\"@id\":\"https:\/\/eikonos.com\/ca\/#\/schema\/logo\/image\/\"},\"sameAs\":[\"http:\/\/www.facebook.com\/pages\/Eikonos\/176324785746790\",\"https:\/\/x.com\/eikonos_sa\",\"http:\/\/www.linkedin.com\/company\/eikonos\",\"http:\/\/www.youtube.com\/channel\/UC8wcizWaAYbfsuqVf9wIT6w\"]}]}<\/script>\n<!-- \/ Yoast SEO plugin. -->","yoast_head_json":{"title":"Serveis audiovisuals i equips per a esdeveniments | EIKONOS","description":"Empresa audiovisual de solucions i mitjans audiovisuals. M\u00e9s de 20 anys d'experi\u00e8ncia en esdeveniments, equips d'\u00e0udio i instal\u00b7lacions fixes Informa't!","robots":{"index":"index","follow":"follow","max-snippet":"max-snippet:-1","max-image-preview":"max-image-preview:large","max-video-preview":"max-video-preview:-1"},"canonical":"https:\/\/eikonos.com\/ca\/","og_locale":"ca_ES","og_type":"article","og_title":"Serveis audiovisuals i equips per a esdeveniments | EIKONOS","og_description":"Empresa audiovisual de solucions i mitjans audiovisuals. M\u00e9s de 20 anys d'experi\u00e8ncia en esdeveniments, equips d'\u00e0udio i instal\u00b7lacions fixes Informa't!","og_url":"https:\/\/eikonos.com\/ca\/","og_site_name":"EIKONOS","article_publisher":"http:\/\/www.facebook.com\/pages\/Eikonos\/176324785746790","article_modified_time":"2026-04-21T16:36:28+00:00","twitter_card":"summary_large_image","twitter_site":"@eikonos_sa","schema":{"@context":"https:\/\/schema.org","@graph":[{"@type":"WebPage","@id":"https:\/\/eikonos.com\/ca\/","url":"https:\/\/eikonos.com\/ca\/","name":"Serveis audiovisuals i equips per a esdeveniments | EIKONOS","isPartOf":{"@id":"https:\/\/eikonos.com\/ca\/#website"},"datePublished":"2020-08-05T13:20:42+00:00","dateModified":"2026-04-21T16:36:28+00:00","description":"Empresa audiovisual de solucions i mitjans audiovisuals. M\u00e9s de 20 anys d'experi\u00e8ncia en esdeveniments, equips d'\u00e0udio i instal\u00b7lacions fixes Informa't!","breadcrumb":{"@id":"https:\/\/eikonos.com\/ca\/#breadcrumb"},"inLanguage":"ca","potentialAction":[{"@type":"ReadAction","target":["https:\/\/eikonos.com\/ca\/"]}]},{"@type":"BreadcrumbList","@id":"https:\/\/eikonos.com\/ca\/#breadcrumb","itemListElement":[{"@type":"ListItem","position":1,"name":"EIKONOS","item":"https:\/\/eikonos.com\/ca\/inici\/"},{"@type":"ListItem","position":2,"name":"Inici"}]},{"@type":"WebSite","@id":"https:\/\/eikonos.com\/ca\/#website","url":"https:\/\/eikonos.com\/ca\/","name":"EIKONOS","description":"EXPERIENCIA AUDIOVISUAL","publisher":{"@id":"https:\/\/eikonos.com\/ca\/#organization"},"potentialAction":[{"@type":"SearchAction","target":{"@type":"EntryPoint","urlTemplate":"https:\/\/eikonos.com\/ca\/?s={search_term_string}"},"query-input":{"@type":"PropertyValueSpecification","valueRequired":true,"valueName":"search_term_string"}}],"inLanguage":"ca"},{"@type":"Organization","@id":"https:\/\/eikonos.com\/ca\/#organization","name":"EIKONOS | Servicios Audiovisuales, eventos y alquiler de equipos","url":"https:\/\/eikonos.com\/ca\/","logo":{"@type":"ImageObject","inLanguage":"ca","@id":"https:\/\/eikonos.com\/ca\/#\/schema\/logo\/image\/","url":"https:\/\/eikonos.com\/wp-content\/uploads\/2020\/08\/logo-color.png","contentUrl":"https:\/\/eikonos.com\/wp-content\/uploads\/2020\/08\/logo-color.png","width":376,"height":122,"caption":"EIKONOS | Servicios Audiovisuales, eventos y alquiler de equipos"},"image":{"@id":"https:\/\/eikonos.com\/ca\/#\/schema\/logo\/image\/"},"sameAs":["http:\/\/www.facebook.com\/pages\/Eikonos\/176324785746790","https:\/\/x.com\/eikonos_sa","http:\/\/www.linkedin.com\/company\/eikonos","http:\/\/www.youtube.com\/channel\/UC8wcizWaAYbfsuqVf9wIT6w"]}]}},"_links":{"self":[{"href":"https:\/\/eikonos.com\/ca\/wp-json\/wp\/v2\/pages\/12655","targetHints":{"allow":["GET"]}}],"collection":[{"href":"https:\/\/eikonos.com\/ca\/wp-json\/wp\/v2\/pages"}],"about":[{"href":"https:\/\/eikonos.com\/ca\/wp-json\/wp\/v2\/types\/page"}],"author":[{"embeddable":true,"href":"https:\/\/eikonos.com\/ca\/wp-json\/wp\/v2\/users\/6"}],"replies":[{"embeddable":true,"href":"https:\/\/eikonos.com\/ca\/wp-json\/wp\/v2\/comments?post=12655"}],"version-history":[{"count":1,"href":"https:\/\/eikonos.com\/ca\/wp-json\/wp\/v2\/pages\/12655\/revisions"}],"predecessor-version":[{"id":12775,"href":"https:\/\/eikonos.com\/ca\/wp-json\/wp\/v2\/pages\/12655\/revisions\/12775"}],"wp:attachment":[{"href":"https:\/\/eikonos.com\/ca\/wp-json\/wp\/v2\/media?parent=12655"}],"curies":[{"name":"wp","href":"https:\/\/api.w.org\/{rel}","templated":true}]}}