{"id":12654,"date":"2023-12-11T01:23:43","date_gmt":"2023-12-11T01:23:43","guid":{"rendered":"https:\/\/eikonos.com\/avis-legal\/"},"modified":"2024-06-13T10:34:11","modified_gmt":"2024-06-13T10:34:11","slug":"avis-legal","status":"publish","type":"page","link":"https:\/\/eikonos.com\/ca\/avis-legal\/","title":{"rendered":"Av\u00eds legal"},"content":{"rendered":"<div class=\"container\">\n<div class=\"container_inner clearfix\">\n<h2>POL\u00cdTICA DE COOKIES<\/h2>\n<p>Una galeta o &#8220;Cookie&#8221; \u00e9s un petit fitxer que s&#8217;emmagatzema a l&#8217;ordinador de l&#8217;usuari i ens permet recon\u00e8ixer-lo. El conjunt de galetes ens ajuda a millorar la qualitat de la nostra web, permetent controlar quines p\u00e0gines troben els nostres usuaris \u00fatils i quins no.<\/p>\n<p>Les galetes s\u00f3n essencials per al funcionament d&#8217;internet, aportant innombrables avantatges en la prestaci\u00f3 de serveis interactius, facilitant-li la navegaci\u00f3 i usabilitat de la nostra web. Tingueu en compte que les galetes no poden danyar el vostre equip i que, a canvi, el que estiguin activades ens ajuden a identificar i resoldre els errors.<\/p>\n<p>La informaci\u00f3 que us proporcionem a continuaci\u00f3, us ajudar\u00e0 a comprendre els diferents tipus de cookies:<\/p>\n<ul>\n<li><strong>Cookies de sessi\u00f3<\/strong>: s\u00f3n cookies temporals que romanen a l&#8217;arxiu de cookies del vostre navegador fins que abandoni la p\u00e0gina web, per la qual cosa cap queda registrada al disc dur de l&#8217;usuari. La informaci\u00f3 obtinguda per mitj\u00e0 d&#8217;aquestes galetes serveixen per analitzar pautes de tr\u00e0nsit a la web. A la llarga, aix\u00f2 ens permet proporcionar una millor experi\u00e8ncia per millorar-ne el contingut i facilitant-ne l&#8217;\u00fas.<\/li>\n<li><strong>Cookies permanents<\/strong>: s\u00f3n emmagatzemades al disc dur i la nostra web les llegeix cada vegada que fa realitza una nova visita. Una galeta permanent t\u00e9 una data d&#8217;expiraci\u00f3 determinada. La galeta deixar\u00e0 de funcionar despr\u00e9s d&#8217;aquesta data.<\/li>\n<\/ul>\n<p>A continuaci\u00f3 publiquem una relaci\u00f3 de les principals cookies utilitzades a la nostra Web, distingint:<\/p>\n<ul>\n<li><strong>Les cookies estrictament necess\u00e0ries<\/strong> com per exemple, aquelles que serveixin per a una correcta navegaci\u00f3 o les que permetin realitzar serveis sol\u00b7licitats per l&#8217;usuari o cookies que serveixin per assegurar que el contingut de la p\u00e0gina web es carrega efica\u00e7ment.<\/li>\n<li><strong>Les galetes de tercers<\/strong> com per exemple, les usades per xarxes socials, o per complements externs de contingut.<\/li>\n<li><strong>Les galetes anal\u00edtiques<\/strong> amb prop\u00f2sits de manteniment peri\u00f2dic, i per tal de garantir el millor servei possible a l&#8217;usuari, els llocs web fan \u00fas normalment de galetes \u00abanal\u00edtiques\u00bb per recopilar dades estad\u00edstiques de l&#8217;activitat.<\/li>\n<\/ul>\n<p>&nbsp;<\/p>\n<p>&nbsp;<\/p>\n<p><strong>RELACI\u00d3 I DESCRIPCI\u00d3 DE LES COOKIES QUE UTILITZEM A LA P\u00c0GINA WEB:<\/strong><\/p>\n<p>&nbsp;<\/p>\n<p>La taula que publiquem a continuaci\u00f3 recull de forma esquematitzada les cookies que utilitzem a la nostra p\u00e0gina web:<\/p>\n<p><img loading=\"lazy\" decoding=\"async\" class=\"aligncenter size-full wp-image-4174\" src=\"https:\/\/eikonos.com\/wp-content\/uploads\/2014\/07\/Captura.png\" sizes=\"auto, (max-width: 643px) 100vw, 643px\" srcset=\"https:\/\/eikonos.com\/wp-content\/uploads\/2014\/07\/Captura.png 643w, https:\/\/eikonos.com\/wp-content\/uploads\/2014\/07\/Captura-217x300.png 217w\" alt=\"Captura\" width=\"643\" height=\"887\"><\/p>\n<p>&nbsp;<\/p>\n<p>&nbsp;<\/p>\n<p><strong>COOKIES A XARXES SOCIALS:<\/strong><\/p>\n<p>&nbsp;<\/p>\n<p>Algunes p\u00e0gines dels nostres llocs web us permeten compartir els nostres continguts en xarxes socials com Facebook, Twitter, Google, etc. Algunes vegades pengem v\u00eddeos de llocs com YouTube. Aquests llocs web dipositen les seves pr\u00f2pies galetes, que nosaltres no controlem. Potser voleu comprovar els vostres llocs web per saber m\u00e9s sobre la seva pol\u00edtica de cookies.<\/p>\n<p>M\u00e9s informaci\u00f3 sobre galetes de xarxes socials:<\/p>\n<p><a href=\"https:\/\/es-es.facebook.com\/about\/privacy\/cookies\"><strong>https:\/\/es-es.facebook.com\/about\/privacy\/cookies<\/strong><\/a><\/p>\n<p><a href=\"http:\/\/www.google.es\/intl\/es\/policies\/technologies\/cookies\/\"><strong>http:\/\/www.google.es\/intl\/es\/policies\/technologies\/cookies\/<\/strong><\/a><\/p>\n<p><a href=\"https:\/\/twitter.com\/privacy\"><strong>https:\/\/twitter.com\/privacy<\/strong><\/a><\/p>\n<p><a href=\"https:\/\/www.youtube.com\/yt\/policyandsafety\/es\/\"><strong>https:\/\/www.youtube.com\/yt\/policyandsafety\/es\/<\/strong><\/a><\/p>\n<p>&nbsp;<\/p>\n<p>&nbsp;<\/p>\n<p><strong>GARANTIES COMPLEMENT\u00c0RIES \u2013 GESTI\u00d3 DE COOKIES: <\/strong><\/p>\n<p>&nbsp;<\/p>\n<p>Com a garantia complement\u00e0ria a les anteriorment descrites, el registre de les cookies podr\u00e0 estar subjecte a la seva acceptaci\u00f3 durant la instal\u00b7laci\u00f3 o posada al dia del navegador usat, i aquesta acceptaci\u00f3 pot ser revocada en tot moment mitjan\u00e7ant les opcions de configuraci\u00f3 de continguts i privadesa disponibles.<br \/>\nMolts navegadors permeten activar un mode privat mitjan\u00e7ant el qual les cookies s&#8217;esborren sempre despr\u00e9s de la visita. Depenent de cada navegador aquest mode privat, podeu tenir diferents noms. A continuaci\u00f3 trobareu una llista dels navegadors m\u00e9s comuns i els diferents noms d&#8217;aquesta \u00abmanera privada\u00bb:<\/p>\n<p>Internet Explorer 8 i superior; Navegaci\u00f3 Privada Safari 2 i superior; Navegaci\u00f3 Privada<br \/>\nOpera 10.5 i superior; Navegaci\u00f3 Privada FireFox 3.5 i superior; Navegaci\u00f3 Privada Google Chrome 10 i superior; Inc\u00f2gnit<\/p>\n<p><strong>Important<\/strong>: Si us plau, llegiu atentament la secci\u00f3 d&#8217;ajuda del vostre navegador per con\u00e8ixer m\u00e9s sobre com activar el \u00abmode privat\u00bb. Podr\u00e0 continuar visitant la nostra web encara que el seu navegador estigui en \u00abmanera privada\u00bb, <strong>si b\u00e9, la seva navegaci\u00f3 per la nostra web pot no ser \u00f2ptima i algunes utilitats poden no funcionar correctament.<\/strong><\/p>\n<\/div>\n<\/div>\n","protected":false},"excerpt":{"rendered":"<p>POL\u00cdTICA DE COOKIES Una galeta o &#8220;Cookie&#8221; \u00e9s un petit fitxer que s&#8217;emmagatzema a l&#8217;ordinador&#8230;<\/p>\n","protected":false},"author":8,"featured_media":0,"parent":0,"menu_order":0,"comment_status":"closed","ping_status":"closed","template":"one-column.php","meta":{"_acf_changed":false,"footnotes":""},"class_list":["post-12654","page","type-page","status-publish","hentry"],"acf":[],"yoast_head":"<!-- This site is optimized with the Yoast SEO plugin v26.3 - https:\/\/yoast.com\/wordpress\/plugins\/seo\/ -->\n<title>Av\u00eds legal | EIKONOS<\/title>\n<meta name=\"robots\" content=\"noindex, follow\" \/>\n<meta property=\"og:locale\" content=\"ca_ES\" \/>\n<meta property=\"og:type\" content=\"article\" \/>\n<meta property=\"og:title\" content=\"Av\u00eds legal | EIKONOS\" \/>\n<meta property=\"og:description\" content=\"POL\u00cdTICA DE COOKIES Una galeta o &#8220;Cookie&#8221; \u00e9s un petit fitxer que s&#8217;emmagatzema a l&#8217;ordinador...\" \/>\n<meta property=\"og:url\" content=\"https:\/\/eikonos.com\/ca\/avis-legal\/\" \/>\n<meta property=\"og:site_name\" content=\"EIKONOS\" \/>\n<meta property=\"article:publisher\" content=\"http:\/\/www.facebook.com\/pages\/Eikonos\/176324785746790\" \/>\n<meta property=\"article:modified_time\" content=\"2024-06-13T10:34:11+00:00\" \/>\n<meta property=\"og:image\" content=\"https:\/\/eikonos.com\/wp-content\/uploads\/2014\/07\/Captura.png\" \/>\n<meta name=\"twitter:card\" content=\"summary_large_image\" \/>\n<meta name=\"twitter:site\" content=\"@eikonos_sa\" \/>\n<meta name=\"twitter:label1\" content=\"Temps estimat de lectura\" \/>\n\t<meta name=\"twitter:data1\" content=\"3 minuts\" \/>\n<script type=\"application\/ld+json\" class=\"yoast-schema-graph\">{\"@context\":\"https:\/\/schema.org\",\"@graph\":[{\"@type\":\"WebPage\",\"@id\":\"https:\/\/eikonos.com\/ca\/avis-legal\/\",\"url\":\"https:\/\/eikonos.com\/ca\/avis-legal\/\",\"name\":\"Av\u00eds legal | EIKONOS\",\"isPartOf\":{\"@id\":\"https:\/\/eikonos.com\/ca\/#website\"},\"primaryImageOfPage\":{\"@id\":\"https:\/\/eikonos.com\/ca\/avis-legal\/#primaryimage\"},\"image\":{\"@id\":\"https:\/\/eikonos.com\/ca\/avis-legal\/#primaryimage\"},\"thumbnailUrl\":\"https:\/\/eikonos.com\/wp-content\/uploads\/2014\/07\/Captura.png\",\"datePublished\":\"2023-12-11T01:23:43+00:00\",\"dateModified\":\"2024-06-13T10:34:11+00:00\",\"breadcrumb\":{\"@id\":\"https:\/\/eikonos.com\/ca\/avis-legal\/#breadcrumb\"},\"inLanguage\":\"ca\",\"potentialAction\":[{\"@type\":\"ReadAction\",\"target\":[\"https:\/\/eikonos.com\/ca\/avis-legal\/\"]}]},{\"@type\":\"ImageObject\",\"inLanguage\":\"ca\",\"@id\":\"https:\/\/eikonos.com\/ca\/avis-legal\/#primaryimage\",\"url\":\"https:\/\/eikonos.com\/wp-content\/uploads\/2014\/07\/Captura.png\",\"contentUrl\":\"https:\/\/eikonos.com\/wp-content\/uploads\/2014\/07\/Captura.png\"},{\"@type\":\"BreadcrumbList\",\"@id\":\"https:\/\/eikonos.com\/ca\/avis-legal\/#breadcrumb\",\"itemListElement\":[{\"@type\":\"ListItem\",\"position\":1,\"name\":\"EIKONOS\",\"item\":\"https:\/\/eikonos.com\/ca\/inici\/\"},{\"@type\":\"ListItem\",\"position\":2,\"name\":\"Av\u00eds legal\"}]},{\"@type\":\"WebSite\",\"@id\":\"https:\/\/eikonos.com\/ca\/#website\",\"url\":\"https:\/\/eikonos.com\/ca\/\",\"name\":\"EIKONOS\",\"description\":\"EXPERIENCIA AUDIOVISUAL\",\"publisher\":{\"@id\":\"https:\/\/eikonos.com\/ca\/#organization\"},\"potentialAction\":[{\"@type\":\"SearchAction\",\"target\":{\"@type\":\"EntryPoint\",\"urlTemplate\":\"https:\/\/eikonos.com\/ca\/?s={search_term_string}\"},\"query-input\":{\"@type\":\"PropertyValueSpecification\",\"valueRequired\":true,\"valueName\":\"search_term_string\"}}],\"inLanguage\":\"ca\"},{\"@type\":\"Organization\",\"@id\":\"https:\/\/eikonos.com\/ca\/#organization\",\"name\":\"EIKONOS | Servicios Audiovisuales, eventos y alquiler de equipos\",\"url\":\"https:\/\/eikonos.com\/ca\/\",\"logo\":{\"@type\":\"ImageObject\",\"inLanguage\":\"ca\",\"@id\":\"https:\/\/eikonos.com\/ca\/#\/schema\/logo\/image\/\",\"url\":\"https:\/\/eikonos.com\/wp-content\/uploads\/2020\/08\/logo-color.png\",\"contentUrl\":\"https:\/\/eikonos.com\/wp-content\/uploads\/2020\/08\/logo-color.png\",\"width\":376,\"height\":122,\"caption\":\"EIKONOS | Servicios Audiovisuales, eventos y alquiler de equipos\"},\"image\":{\"@id\":\"https:\/\/eikonos.com\/ca\/#\/schema\/logo\/image\/\"},\"sameAs\":[\"http:\/\/www.facebook.com\/pages\/Eikonos\/176324785746790\",\"https:\/\/x.com\/eikonos_sa\",\"http:\/\/www.linkedin.com\/company\/eikonos\",\"http:\/\/www.youtube.com\/channel\/UC8wcizWaAYbfsuqVf9wIT6w\"]}]}<\/script>\n<!-- \/ Yoast SEO plugin. -->","yoast_head_json":{"title":"Av\u00eds legal | EIKONOS","robots":{"index":"noindex","follow":"follow"},"og_locale":"ca_ES","og_type":"article","og_title":"Av\u00eds legal | EIKONOS","og_description":"POL\u00cdTICA DE COOKIES Una galeta o &#8220;Cookie&#8221; \u00e9s un petit fitxer que s&#8217;emmagatzema a l&#8217;ordinador...","og_url":"https:\/\/eikonos.com\/ca\/avis-legal\/","og_site_name":"EIKONOS","article_publisher":"http:\/\/www.facebook.com\/pages\/Eikonos\/176324785746790","article_modified_time":"2024-06-13T10:34:11+00:00","og_image":[{"url":"https:\/\/eikonos.com\/wp-content\/uploads\/2014\/07\/Captura.png","type":"","width":"","height":""}],"twitter_card":"summary_large_image","twitter_site":"@eikonos_sa","twitter_misc":{"Temps estimat de lectura":"3 minuts"},"schema":{"@context":"https:\/\/schema.org","@graph":[{"@type":"WebPage","@id":"https:\/\/eikonos.com\/ca\/avis-legal\/","url":"https:\/\/eikonos.com\/ca\/avis-legal\/","name":"Av\u00eds legal | EIKONOS","isPartOf":{"@id":"https:\/\/eikonos.com\/ca\/#website"},"primaryImageOfPage":{"@id":"https:\/\/eikonos.com\/ca\/avis-legal\/#primaryimage"},"image":{"@id":"https:\/\/eikonos.com\/ca\/avis-legal\/#primaryimage"},"thumbnailUrl":"https:\/\/eikonos.com\/wp-content\/uploads\/2014\/07\/Captura.png","datePublished":"2023-12-11T01:23:43+00:00","dateModified":"2024-06-13T10:34:11+00:00","breadcrumb":{"@id":"https:\/\/eikonos.com\/ca\/avis-legal\/#breadcrumb"},"inLanguage":"ca","potentialAction":[{"@type":"ReadAction","target":["https:\/\/eikonos.com\/ca\/avis-legal\/"]}]},{"@type":"ImageObject","inLanguage":"ca","@id":"https:\/\/eikonos.com\/ca\/avis-legal\/#primaryimage","url":"https:\/\/eikonos.com\/wp-content\/uploads\/2014\/07\/Captura.png","contentUrl":"https:\/\/eikonos.com\/wp-content\/uploads\/2014\/07\/Captura.png"},{"@type":"BreadcrumbList","@id":"https:\/\/eikonos.com\/ca\/avis-legal\/#breadcrumb","itemListElement":[{"@type":"ListItem","position":1,"name":"EIKONOS","item":"https:\/\/eikonos.com\/ca\/inici\/"},{"@type":"ListItem","position":2,"name":"Av\u00eds legal"}]},{"@type":"WebSite","@id":"https:\/\/eikonos.com\/ca\/#website","url":"https:\/\/eikonos.com\/ca\/","name":"EIKONOS","description":"EXPERIENCIA AUDIOVISUAL","publisher":{"@id":"https:\/\/eikonos.com\/ca\/#organization"},"potentialAction":[{"@type":"SearchAction","target":{"@type":"EntryPoint","urlTemplate":"https:\/\/eikonos.com\/ca\/?s={search_term_string}"},"query-input":{"@type":"PropertyValueSpecification","valueRequired":true,"valueName":"search_term_string"}}],"inLanguage":"ca"},{"@type":"Organization","@id":"https:\/\/eikonos.com\/ca\/#organization","name":"EIKONOS | Servicios Audiovisuales, eventos y alquiler de equipos","url":"https:\/\/eikonos.com\/ca\/","logo":{"@type":"ImageObject","inLanguage":"ca","@id":"https:\/\/eikonos.com\/ca\/#\/schema\/logo\/image\/","url":"https:\/\/eikonos.com\/wp-content\/uploads\/2020\/08\/logo-color.png","contentUrl":"https:\/\/eikonos.com\/wp-content\/uploads\/2020\/08\/logo-color.png","width":376,"height":122,"caption":"EIKONOS | Servicios Audiovisuales, eventos y alquiler de equipos"},"image":{"@id":"https:\/\/eikonos.com\/ca\/#\/schema\/logo\/image\/"},"sameAs":["http:\/\/www.facebook.com\/pages\/Eikonos\/176324785746790","https:\/\/x.com\/eikonos_sa","http:\/\/www.linkedin.com\/company\/eikonos","http:\/\/www.youtube.com\/channel\/UC8wcizWaAYbfsuqVf9wIT6w"]}]}},"_links":{"self":[{"href":"https:\/\/eikonos.com\/ca\/wp-json\/wp\/v2\/pages\/12654","targetHints":{"allow":["GET"]}}],"collection":[{"href":"https:\/\/eikonos.com\/ca\/wp-json\/wp\/v2\/pages"}],"about":[{"href":"https:\/\/eikonos.com\/ca\/wp-json\/wp\/v2\/types\/page"}],"author":[{"embeddable":true,"href":"https:\/\/eikonos.com\/ca\/wp-json\/wp\/v2\/users\/8"}],"replies":[{"embeddable":true,"href":"https:\/\/eikonos.com\/ca\/wp-json\/wp\/v2\/comments?post=12654"}],"version-history":[{"count":2,"href":"https:\/\/eikonos.com\/ca\/wp-json\/wp\/v2\/pages\/12654\/revisions"}],"predecessor-version":[{"id":12780,"href":"https:\/\/eikonos.com\/ca\/wp-json\/wp\/v2\/pages\/12654\/revisions\/12780"}],"wp:attachment":[{"href":"https:\/\/eikonos.com\/ca\/wp-json\/wp\/v2\/media?parent=12654"}],"curies":[{"name":"wp","href":"https:\/\/api.w.org\/{rel}","templated":true}]}}